{"id":31939,"date":"2025-02-26T23:58:21","date_gmt":"2025-02-26T23:58:21","guid":{"rendered":"https:\/\/www.marrakechtaxi.com\/montagnes-atlas-3-vallees-cascades\/"},"modified":"2025-10-15T14:34:31","modified_gmt":"2025-10-15T13:34:31","slug":"montagnes-atlas-3-vallees-cascades","status":"publish","type":"product","link":"https:\/\/www.marrakechtaxi.com\/fr\/montagnes-atlas-3-vallees-cascades\/","title":{"rendered":"Montagnes de l&rsquo;Atlas, 3 vall\u00e9es et cascades"},"content":{"rendered":"\n<h3 class=\"wp-block-heading\"> <span style=\"font-size: x-large;\"><i class=\"fa fa-clock-o\" aria-hidden=\"true\"><\/i> <strong><span style=\"color: #ff6900;\">Dur\u00e9e : 8 \u00e0 10 heures<\/span><\/strong><\/span><br\/>\ud83d\udcc5 <strong>Disponibilit\u00e9:<\/strong> D\u00e9parts quotidiens<\/h3>\n\n<p><strong>\u00c9vadez-vous de la ville et explorez les \u00e9poustouflantes montagnes de l&rsquo;Atlas lors de cette aventure d&rsquo;une journ\u00e9e au d\u00e9part de Marrakech ! D\u00e9couvrez des villages berb\u00e8res cach\u00e9s, partez en randonn\u00e9e vers de superbes cascades et savourez un d\u00e9jeuner berb\u00e8re traditionnel avec vue panoramique sur les montagnes. Une excursion incontournable au d\u00e9part de Marrakech !  <\/strong><\/p>\n\n<h2 class=\"wp-block-heading\">\u2b50 <strong>Pourquoi r\u00e9server ce trip ?<\/strong><\/h2>\n\n<p>\u2705 <strong>D\u00e9couvrez les montagnes de l&rsquo;Atlas<\/strong> et ses trois vall\u00e9es les plus c\u00e9l\u00e8bres<br\/>\u2705 <strong>Randonn\u00e9e jusqu&rsquo;aux cascades pittoresques<\/strong> de la vall\u00e9e de l&rsquo;Ourika avec un guide local<br\/>\u2705 <strong>Visite d&rsquo;un village berb\u00e8re traditionnel<\/strong> et rencontre avec les familles locales<br\/>\u2705 <strong>Savourez un d\u00e9licieux d\u00e9jeuner berb\u00e8re fait maison<\/strong> dans notre maison priv\u00e9e \u00e0 Sidi Fares, avec vue imprenable sur les montagnes<br\/>\u2705 <strong>Vivez l&rsquo;authentique culture berb\u00e8re<\/strong> avec un guide local<br\/>\u2705 <strong>Transport priv\u00e9<\/strong> depuis et vers votre h\u00f4tel \u00e0 Marrakech<\/p>\n\n<h2 class=\"wp-block-heading\">\ud83d\udccc <strong>Qu\u2019est-ce qui est inclus ?<\/strong><\/h2>\n\n<p>\u2714\ufe0f <strong>Transport priv\u00e9<\/strong> depuis et vers votre h\u00f4tel \u00e0 Marrakech<br\/>\u2714\ufe0f <strong>Randonn\u00e9e guid\u00e9e<\/strong> jusqu&rsquo;aux cascades de la vall\u00e9e de l&rsquo;Ourika<br\/>\u2714\ufe0f <strong>D\u00e9jeuner berb\u00e8re traditionnel<\/strong> dans notre maison priv\u00e9e \u00e0 Sidi Fares avec vue imprenable<br\/>\u2714\ufe0f <strong>Arr\u00eats pittoresques<\/strong> pour des photos et des panoramas \u00e0 couper le souffle<\/p>\n\n<h2 class=\"wp-block-heading\">\ud83d\uddfa\ufe0f <strong>\u00c0 quoi s&rsquo;attendre ?<\/strong><\/h2>\n\n<p>Votre aventure commence par une <strong>prise en charge \u00e0 votre h\u00f4tel \u00e0 Marrakech<\/strong>, suivie d&rsquo;un trajet panoramique dans <strong>les montagnes de l&rsquo;Atlas<\/strong>. En chemin, visitez de charmants <strong>villages berb\u00e8res<\/strong>, rencontrez les habitants et d\u00e9couvrez leurs traditions. <\/p>\n\n<p>Profitez d&rsquo;une <strong>randonn\u00e9e guid\u00e9e jusqu&rsquo;aux cascades de la vall\u00e9e de l&rsquo;Ourika<\/strong>, o\u00f9 vous pourrez admirer les magnifiques cascades et la v\u00e9g\u00e9tation luxuriante. D\u00e9tendez-vous ensuite avec un <strong>d\u00e9licieux d\u00e9jeuner berb\u00e8re<\/strong> dans notre <strong>maison priv\u00e9e \u00e0 Sidi Fares<\/strong>, compos\u00e9 de plats marocains fra\u00eechement pr\u00e9par\u00e9s et offrant une vue spectaculaire sur les montagnes. <\/p>\n\n<p>Tout au long du voyage, votre guide vous donnera un aper\u00e7u fascinant de la culture berb\u00e8re, de l&rsquo;histoire et de la beaut\u00e9 naturelle de la r\u00e9gion.<\/p>\n\n<h2 class=\"wp-block-heading\">\u2139\ufe0f <strong>Bon \u00e0 savoir :<\/strong><\/h2>\n\n<p>\ud83d\udccd <g id=\"gid_0\">Point de rendez-vous<\/g> : Votre h\u00f4tel ou riad \u00e0 Marrakech<br\/>\u23f3 <g id=\"gid_1\">Dur\u00e9e <\/g>: Environ <g id=\"gid_2\">8 heures<br\/>\u23f1\ufe0f \u200b\u200b<g id=\"gid_3\">Prise en charge<\/g> : 8:00 AM<br\/>\ud83d\udc55 <g id=\"gid_4\">\u00c0 emporter<\/g> : Chaussures confortables, cr\u00e8me solaire et appareil photo<br\/>\ud83d\ude99 <g id=\"gid_5\">Transport <\/g>: 4&#215;4 ou minivan priv\u00e9 climatis\u00e9<br\/>\ud83d\udc68\u200d\ud83d\udc69\u200d\ud83d\udc67\u200d\ud83d\udc66 <g id=\"gid_6\">Id\u00e9al pour<\/g> : Familles, couples, voyageurs solo et petits groupes<\/g><\/p>\n\n<h2 class=\"wp-block-heading\"><strong>\u2753 Questions fr\u00e9quemment pos\u00e9es<\/strong><\/h2>\n<div id=\"rank-math-faq\" class=\"rank-math-block\">\n<div class=\"rank-math-list \">\n<div id=\"faq-question-1740615568267\" class=\"rank-math-list-item\">\n<h3 class=\"rank-math-question \">Combien de temps dure la visite ?<\/h3>\n<div class=\"rank-math-answer \">\n\n<p>La visite dure environ <strong>8 heures<\/strong>, y compris le temps de trajet aller-retour vers Marrakech.<\/p>\n\n<\/div>\n<\/div>\n<div id=\"faq-question-1740615606645\" class=\"rank-math-list-item\">\n<h3 class=\"rank-math-question \">Le ramassage et le retour \u00e0 l&rsquo;h\u00f4tel sont-ils inclus ?<\/h3>\n<div class=\"rank-math-answer \">\n\n<p>Oui ! Nous proposons <strong>un transport priv\u00e9<\/strong> depuis et vers votre h\u00f4tel ou riad \u00e0 Marrakech. <\/p>\n\n<\/div>\n<\/div>\n<div id=\"faq-question-1740615621892\" class=\"rank-math-list-item\">\n<h3 class=\"rank-math-question \">Quelle est la difficult\u00e9 de la randonn\u00e9e jusqu&rsquo;aux cascades ?<\/h3>\n<div class=\"rank-math-answer \">\n\n<p>La randonn\u00e9e jusqu&rsquo;aux <strong>cascades de la vall\u00e9e de l&rsquo;Ourika<\/strong> est mod\u00e9r\u00e9e et accessible \u00e0 la plupart des voyageurs. Il est toutefois recommand\u00e9 de porter des chaussures de marche confortables. Si vous avez des probl\u00e8mes de mobilit\u00e9, veuillez nous en informer \u00e0 l&rsquo;avance.  <\/p>\n\n<\/div>\n<\/div>\n<div id=\"faq-question-1740615633513\" class=\"rank-math-list-item\">\n<h3 class=\"rank-math-question \">Qu&rsquo;est-ce qui est inclus dans le d\u00e9jeuner berb\u00e8re ?<\/h3>\n<div class=\"rank-math-answer \">\n\n<p>Vous profiterez d&rsquo;un authentique <strong>d\u00e9jeuner berb\u00e8re fait maison<\/strong> dans notre maison priv\u00e9e \u00e0 <strong>Sidi Fares<\/strong>, avec <strong>tajine ou couscous, pain frais et fruits de saison<\/strong>, tout en admirant une vue imprenable sur les montagnes.<\/p>\n\n<\/div>\n<\/div>\n<div id=\"faq-question-1740615665315\" class=\"rank-math-list-item\">\n<h3 class=\"rank-math-question \">Que dois-je apporter pour le voyage ?<\/h3>\n<div class=\"rank-math-answer \">\n\n<p>Nous vous recommandons d&rsquo;apporter :<br \/>\u2714\ufe0f Des chaussures de marche confortables<br \/>\u2714\ufe0f Des lunettes de soleil et de la cr\u00e8me solaire<br \/>\u2714\ufe0f Une veste l\u00e9g\u00e8re (il peut faire plus frais en montagne)<br \/>\u2714\ufe0f Un appareil photo pour immortaliser les vues imprenables<\/p>\n\n<\/div>\n<\/div>\n<div id=\"faq-question-1740615672621\" class=\"rank-math-list-item\">\n<h3 class=\"rank-math-question \">La visite est-elle priv\u00e9e ou partag\u00e9e ?<\/h3>\n<div class=\"rank-math-answer \">\n\n<p>Il s&rsquo;agit d&rsquo;une <strong>visite priv\u00e9e<\/strong>, ce qui signifie que vous aurez un guide et un transport d\u00e9di\u00e9s uniquement \u00e0 votre groupe.<\/p>\n\n<\/div>\n<\/div>\n<div id=\"faq-question-1740615684114\" class=\"rank-math-list-item\">\n<h3 class=\"rank-math-question \">Y a-t-il des frais suppl\u00e9mentaires ?<\/h3>\n<div class=\"rank-math-answer \">\n\n<p>Non, tout ce qui est indiqu\u00e9 dans la section \u00ab <strong>Ce qui est inclus<\/strong> \u00bb est inclus. N&rsquo;oubliez pas d&rsquo;apporter de l&rsquo;argent liquide pour acheter des souvenirs ou donner un pourboire \u00e0 votre guide. <\/p>\n\n<\/div>\n<\/div>\n<div id=\"faq-question-1740615704238\" class=\"rank-math-list-item\">\n<h3 class=\"rank-math-question \">\u00c0 quelle heure commence la visite ?<\/h3>\n<div class=\"rank-math-answer \">\n\n<p>Nous commen\u00e7ons g\u00e9n\u00e9ralement \u00e0 <strong>8h00<\/strong>, mais nous pouvons ajuster l&rsquo;heure en fonction de vos pr\u00e9f\u00e9rences.<\/p>\n\n<\/div>\n<\/div>\n<div id=\"faq-question-1740615715526\" class=\"rank-math-list-item\">\n<h3 class=\"rank-math-question \">Que se passe-t-il si le temps est mauvais ?<\/h3>\n<div class=\"rank-math-answer \">\n\n<p>La visite a lieu dans la plupart des conditions m\u00e9t\u00e9orologiques, mais en cas de conditions m\u00e9t\u00e9orologiques extr\u00eames, nous proposerons <strong>une reprogrammation ou un remboursement complet<\/strong>.<\/p>\n\n<\/div>\n<\/div>\n<\/div>\n<\/div>","protected":false},"excerpt":{"rendered":"<p>Cette excursion d&rsquo;une journ\u00e9e dans les montagnes de l&rsquo;Atlas au d\u00e9part de Marrakech est l&rsquo;une des meilleures fa\u00e7ons de d\u00e9couvrir la beaut\u00e9 naturelle et la culture berb\u00e8re du Maroc. R\u00e9servez d\u00e8s aujourd&rsquo;hui et cr\u00e9ez des souvenirs inoubliables ! <\/p>\n","protected":false},"featured_media":34878,"comment_status":"open","ping_status":"closed","template":"","meta":{"inline_featured_image":false,"_monsterinsights_skip_tracking":false,"_monsterinsights_sitenote_active":false,"_monsterinsights_sitenote_note":"","_monsterinsights_sitenote_category":0},"product_brand":[],"product_cat":[95,96],"product_tag":[],"class_list":{"0":"post-31939","1":"product","2":"type-product","3":"status-publish","4":"has-post-thumbnail","6":"product_cat-excursions-sorties-marrakech","7":"product_cat-excursions-privees-marrakech","9":"first","10":"instock","11":"virtual","12":"sold-individually","13":"purchasable","14":"product-type-booking"},"booking_location":"","booking_location_type":"","booking_duration":1,"booking_duration_unit":"day","booking_buffer":0,"booking_cost":159,"booking_resources":[],"exclude_global_add_ons":false,"addons":[{"name":"Voiture de luxe (+20\u20ac)","type":"checkbox","position":0,"required":false,"title_format":"hide","default":"","description_enable":false,"description":null,"placeholder_enable":false,"placeholder":null,"display":"select","restrictions_type":"any_text","adjust_price":false,"price":"","price_type":"flat_fee","restrictions":false,"min":"0","max":"0","options":[{"label":"Voiture de luxe (+20\u20ac)","price":"25","price_type":"flat_fee","image":0,"visibility":true}],"id":1760536235},{"name":"Guide local (+20\u20ac)","type":"checkbox","position":1,"required":false,"title_format":"hide","default":"0","description_enable":false,"description":null,"placeholder_enable":false,"placeholder":null,"display":"select","restrictions_type":"any_text","adjust_price":false,"price":"","price_type":"flat_fee","restrictions":false,"min":"0","max":"0","options":[{"label":"Guide local (+20\u20ac)","price":"20","price_type":"flat_fee","image":0,"visibility":true}],"id":1760536236}],"_links":{"self":[{"href":"https:\/\/www.marrakechtaxi.com\/fr\/wp-json\/wp\/v2\/product\/31939","targetHints":{"allow":["GET"]}}],"collection":[{"href":"https:\/\/www.marrakechtaxi.com\/fr\/wp-json\/wp\/v2\/product"}],"about":[{"href":"https:\/\/www.marrakechtaxi.com\/fr\/wp-json\/wp\/v2\/types\/product"}],"replies":[{"embeddable":true,"href":"https:\/\/www.marrakechtaxi.com\/fr\/wp-json\/wp\/v2\/comments?post=31939"}],"wp:featuredmedia":[{"embeddable":true,"href":"https:\/\/www.marrakechtaxi.com\/fr\/wp-json\/wp\/v2\/media\/34878"}],"wp:attachment":[{"href":"https:\/\/www.marrakechtaxi.com\/fr\/wp-json\/wp\/v2\/media?parent=31939"}],"wp:term":[{"taxonomy":"product_brand","embeddable":true,"href":"https:\/\/www.marrakechtaxi.com\/fr\/wp-json\/wp\/v2\/product_brand?post=31939"},{"taxonomy":"product_cat","embeddable":true,"href":"https:\/\/www.marrakechtaxi.com\/fr\/wp-json\/wp\/v2\/product_cat?post=31939"},{"taxonomy":"product_tag","embeddable":true,"href":"https:\/\/www.marrakechtaxi.com\/fr\/wp-json\/wp\/v2\/product_tag?post=31939"}],"curies":[{"name":"wp","href":"https:\/\/api.w.org\/{rel}","templated":true}]}}