{"id":27645,"date":"2025-03-31T19:49:11","date_gmt":"2025-03-31T19:49:11","guid":{"rendered":"https:\/\/www.marrakechtaxi.com\/taxi-rabat-marrakech\/"},"modified":"2025-07-16T22:23:16","modified_gmt":"2025-07-16T21:23:16","slug":"taxi-rabat-marrakech","status":"publish","type":"page","link":"https:\/\/www.marrakechtaxi.com\/fr\/taxi-rabat-marrakech\/","title":{"rendered":"Taxi Rabat \u00e0 Marrakech"},"content":{"rendered":"\t\t<div data-elementor-type=\"wp-page\" data-elementor-id=\"27645\" class=\"elementor elementor-27645 elementor-27552\" data-elementor-post-type=\"page\">\n\t\t\t\t<div class=\"elementor-element elementor-element-4147bed e-flex e-con-boxed e-con e-parent\" data-id=\"4147bed\" data-element_type=\"container\" data-e-type=\"container\">\n\t\t\t\t\t<div class=\"e-con-inner\">\n\t\t\t\t<div class=\"elementor-element elementor-element-05e0a51 elementor-widget elementor-widget-heading\" data-id=\"05e0a51\" data-element_type=\"widget\" data-e-type=\"widget\" data-widget_type=\"heading.default\">\n\t\t\t\t<div class=\"elementor-widget-container\">\n\t\t\t\t\t<h1 class=\"elementor-heading-title elementor-size-default\">Taxi priv\u00e9 de Rabat \u00e0 Marrakech \u2013 \u00c0 partir de 199 \u20ac<\/h1>\t\t\t\t<\/div>\n\t\t\t\t<\/div>\n\t\t\t\t\t<\/div>\n\t\t\t\t<\/div>\n\t\t<div class=\"elementor-element elementor-element-a3030f3 e-flex e-con-boxed e-con e-parent\" data-id=\"a3030f3\" data-element_type=\"container\" data-e-type=\"container\">\n\t\t\t\t\t<div class=\"e-con-inner\">\n\t\t<div class=\"elementor-element elementor-element-0838532 e-con-full e-flex e-con e-child\" data-id=\"0838532\" data-element_type=\"container\" data-e-type=\"container\">\n\t\t\t\t<div class=\"elementor-element elementor-element-6f11478 elementor-widget elementor-widget-image\" data-id=\"6f11478\" data-element_type=\"widget\" data-e-type=\"widget\" data-widget_type=\"image.default\">\n\t\t\t\t<div class=\"elementor-widget-container\">\n\t\t\t\t\t\t\t\t\t\t\t\t\t\t\t<img fetchpriority=\"high\" decoding=\"async\" width=\"768\" height=\"439\" src=\"https:\/\/www.marrakechtaxi.com\/wp-content\/uploads\/2025\/03\/Private-Taxi-from-Marrakech-to-rabat-768x439.webp\" class=\"attachment-medium_large size-medium_large wp-image-26696\" alt=\"\" srcset=\"https:\/\/www.marrakechtaxi.com\/wp-content\/uploads\/2025\/03\/Private-Taxi-from-Marrakech-to-rabat-768x439.webp 768w, https:\/\/www.marrakechtaxi.com\/wp-content\/uploads\/2025\/03\/Private-Taxi-from-Marrakech-to-rabat-300x171.webp 300w, https:\/\/www.marrakechtaxi.com\/wp-content\/uploads\/2025\/03\/Private-Taxi-from-Marrakech-to-rabat-1024x585.webp 1024w, https:\/\/www.marrakechtaxi.com\/wp-content\/uploads\/2025\/03\/Private-Taxi-from-Marrakech-to-rabat-1536x878.webp 1536w, https:\/\/www.marrakechtaxi.com\/wp-content\/uploads\/2025\/03\/Private-Taxi-from-Marrakech-to-rabat-990x566.webp 990w, https:\/\/www.marrakechtaxi.com\/wp-content\/uploads\/2025\/03\/Private-Taxi-from-Marrakech-to-rabat-441x252.webp 441w, https:\/\/www.marrakechtaxi.com\/wp-content\/uploads\/2025\/03\/Private-Taxi-from-Marrakech-to-rabat-460x263.webp 460w, https:\/\/www.marrakechtaxi.com\/wp-content\/uploads\/2025\/03\/Private-Taxi-from-Marrakech-to-rabat-800x457.webp 800w, https:\/\/www.marrakechtaxi.com\/wp-content\/uploads\/2025\/03\/Private-Taxi-from-Marrakech-to-rabat-150x86.webp 150w, https:\/\/www.marrakechtaxi.com\/wp-content\/uploads\/2025\/03\/Private-Taxi-from-Marrakech-to-rabat.webp 1792w\" sizes=\"(max-width: 768px) 100vw, 768px\" \/>\t\t\t\t\t\t\t\t\t\t\t\t\t\t\t<\/div>\n\t\t\t\t<\/div>\n\t\t\t\t<div class=\"elementor-element elementor-element-8c7a1fd elementor-widget elementor-widget-text-editor\" data-id=\"8c7a1fd\" data-element_type=\"widget\" data-e-type=\"widget\" data-widget_type=\"text-editor.default\">\n\t\t\t\t<div class=\"elementor-widget-container\">\n\t\t\t\t\t\t\t\t\t<p>Vous voyagez de <strong>Rabat \u00e0 Marrakech <\/strong>? \u00c9vitez le stress des trains et des trajets partag\u00e9s gr\u00e2ce \u00e0 notre <strong>service de transfert en taxi priv\u00e9 porte-\u00e0-porte<\/strong>. Que vous vous rendiez \u00e0 une r\u00e9union d&rsquo;affaires, dans un riad de la m\u00e9dina ou \u00e0 l&rsquo;a\u00e9roport de Marrakech-M\u00e9nara, nous vous proposons un service fiable, climatis\u00e9 et \u00e0 tarif fixe \u00e0 partir de <strong>199 \u20ac par v\u00e9hicule<\/strong>, disponible 24h\/24 et 7j\/7.  <\/p>\t\t\t\t\t\t\t\t<\/div>\n\t\t\t\t<\/div>\n\t\t\t\t<div class=\"elementor-element elementor-element-88afeed elementor-widget elementor-widget-heading\" data-id=\"88afeed\" data-element_type=\"widget\" data-e-type=\"widget\" data-widget_type=\"heading.default\">\n\t\t\t\t<div class=\"elementor-widget-container\">\n\t\t\t\t\t<h2 class=\"elementor-heading-title elementor-size-default\">Transfert Rabat vers Marrakech : Pourquoi nous choisir ?<\/h2>\t\t\t\t<\/div>\n\t\t\t\t<\/div>\n\t\t\t\t<div class=\"elementor-element elementor-element-86aba30 elementor-widget elementor-widget-text-editor\" data-id=\"86aba30\" data-element_type=\"widget\" data-e-type=\"widget\" data-widget_type=\"text-editor.default\">\n\t\t\t\t<div class=\"elementor-widget-container\">\n\t\t\t\t\t\t\t\t\t<p>\u2705 Forfait \u00e0 partir de 199 \u20ac par v\u00e9hicule<\/p><p>\u2705 Prise en charge \u00e0 n&rsquo;importe quelle adresse \u00e0 Rabat \u2013 h\u00f4tel, r\u00e9sidence ou ambassade<\/p><p>\u2705 D\u00e9pose \u00e0 votre riad, h\u00f4tel ou a\u00e9roport \u00e0 Marrakech<\/p><p>\u2705 Conducteurs prudents et titulaires d&rsquo;un permis de conduire parlant couramment anglais\/fran\u00e7ais<\/p><p>\u2705 Voitures priv\u00e9es climatis\u00e9es avec espace pour les bagages<\/p><p>\u2705 Transfert aller-retour ou aller-retour en option<\/p><p>\u2705 Horaires flexibles et r\u00e9servation en ligne ou WhatsApp<\/p>\t\t\t\t\t\t\t\t<\/div>\n\t\t\t\t<\/div>\n\t\t\t\t<div class=\"elementor-element elementor-element-f01915f elementor-widget elementor-widget-heading\" data-id=\"f01915f\" data-element_type=\"widget\" data-e-type=\"widget\" data-widget_type=\"heading.default\">\n\t\t\t\t<div class=\"elementor-widget-container\">\n\t\t\t\t\t<h2 class=\"elementor-heading-title elementor-size-default\">Transfert de Rabat \u00e0 Marrakech : aper\u00e7u du voyage<\/h2>\t\t\t\t<\/div>\n\t\t\t\t<\/div>\n\t\t\t\t<div class=\"elementor-element elementor-element-f780470 elementor-widget elementor-widget-text-editor\" data-id=\"f780470\" data-element_type=\"widget\" data-e-type=\"widget\" data-widget_type=\"text-editor.default\">\n\t\t\t\t<div class=\"elementor-widget-container\">\n\t\t\t\t\t\t\t\t\t<p>Le trajet de <strong>Rabat \u00e0 Marrakech<\/strong> s&rsquo;\u00e9tend sur environ <strong>320 kilom\u00e8tres<\/strong> et dure environ <strong>3,5 \u00e0 4 heures<\/strong> par l&rsquo;autoroute A3. L&rsquo;itin\u00e9raire est fluide et efficace, id\u00e9al pour les voyageurs en qu\u00eate de confort et d&rsquo;intimit\u00e9. Parmi nos clients figurent des diplomates, des touristes et des voyageurs d&rsquo;affaires qui privil\u00e9gient un transport direct et s\u00e9curis\u00e9 vers la Ville Rouge.  <\/p>\t\t\t\t\t\t\t\t<\/div>\n\t\t\t\t<\/div>\n\t\t\t\t<div class=\"elementor-element elementor-element-db52cfb elementor-widget elementor-widget-heading\" data-id=\"db52cfb\" data-element_type=\"widget\" data-e-type=\"widget\" data-widget_type=\"heading.default\">\n\t\t\t\t<div class=\"elementor-widget-container\">\n\t\t\t\t\t<h2 class=\"elementor-heading-title elementor-size-default\">\ud83d\ude98 Nos options de v\u00e9hicules<\/h2>\t\t\t\t<\/div>\n\t\t\t\t<\/div>\n\t\t\t\t<div class=\"elementor-element elementor-element-3ce3aa2 elementor-widget elementor-widget-text-editor\" data-id=\"3ce3aa2\" data-element_type=\"widget\" data-e-type=\"widget\" data-widget_type=\"text-editor.default\">\n\t\t\t\t<div class=\"elementor-widget-container\">\n\t\t\t\t\t\t\t\t\t<p>Nous proposons une gamme de v\u00e9hicules adapt\u00e9s \u00e0 diff\u00e9rentes tailles de groupes et \u00e0 diff\u00e9rents besoins :<\/p><p>\u25b6\ufe0f Taxi Standard (Max 3 Personnes) \u2013 Id\u00e9al pour les voyageurs en solo ou les couples.<br>\u25b6\ufe0f Minivan Standard (Max 7 Personnes) \u2013 Parfait pour les familles ou les petits groupes.<br>\u25b6\ufe0f Minivan de luxe (max 7 personnes) \u2013 Voyagez avec style avec une exp\u00e9rience haut de gamme.<br>\u25b6\ufe0f Minibus (Max 17 Personnes) \u2013 Parfait pour les grandes familles ou les groupes.<\/p>\t\t\t\t\t\t\t\t<\/div>\n\t\t\t\t<\/div>\n\t\t\t\t<div class=\"elementor-element elementor-element-93029ae elementor-widget elementor-widget-heading\" data-id=\"93029ae\" data-element_type=\"widget\" data-e-type=\"widget\" data-widget_type=\"heading.default\">\n\t\t\t\t<div class=\"elementor-widget-container\">\n\t\t\t\t\t<h2 class=\"elementor-heading-title elementor-size-default\">\u00c0 quoi s'attendre lors de votre trajet en taxi vers Marrakech ?<\/h2>\t\t\t\t<\/div>\n\t\t\t\t<\/div>\n\t\t\t\t<div class=\"elementor-element elementor-element-10924b7 elementor-widget elementor-widget-text-editor\" data-id=\"10924b7\" data-element_type=\"widget\" data-e-type=\"widget\" data-widget_type=\"text-editor.default\">\n\t\t\t\t<div class=\"elementor-widget-container\">\n\t\t\t\t\t\t\t\t\t<p>\u2705 Prise en charge ponctuelle : Votre chauffeur sera \u00e0 l&rsquo;heure \u00e0 votre emplacement.<br>\u2705 Voyage confortable : Profitez d&rsquo;un voyage en douceur avec la climatisation et le Wi-Fi gratuit (sur demande).<br>\u2705 Chauffeurs professionnels : Courtois, exp\u00e9riment\u00e9s et parlant couramment plusieurs langues.<br>\u2705 Route panoramique : Parcourez les magnifiques paysages du Maroc, avec des arr\u00eats facultatifs pour des photos ou des pauses.<\/p>\t\t\t\t\t\t\t\t<\/div>\n\t\t\t\t<\/div>\n\t\t\t\t<div class=\"elementor-element elementor-element-066f2f0 elementor-widget elementor-widget-heading\" data-id=\"066f2f0\" data-element_type=\"widget\" data-e-type=\"widget\" data-widget_type=\"heading.default\">\n\t\t\t\t<div class=\"elementor-widget-container\">\n\t\t\t\t\t<h2 class=\"elementor-heading-title elementor-size-default\">\ud83c\udff7\ufe0f Comment r\u00e9server votre taxi de Rabat \u00e0 Marrakech ?<\/h2>\t\t\t\t<\/div>\n\t\t\t\t<\/div>\n\t\t\t\t<div class=\"elementor-element elementor-element-bc345b5 elementor-widget elementor-widget-text-editor\" data-id=\"bc345b5\" data-element_type=\"widget\" data-e-type=\"widget\" data-widget_type=\"text-editor.default\">\n\t\t\t\t<div class=\"elementor-widget-container\">\n\t\t\t\t\t\t\t\t\t<ul><li>Choisissez un lieu de prise en charge \u00e0 Rabat<\/li><li>S\u00e9lectionnez le v\u00e9hicule et le temps de trajet<\/li><li>R\u00e9servez en ligne ou via WhatsApp<\/li><\/ul><p>\ud83d\udcf1 +212 600-316681<\/p>\t\t\t\t\t\t\t\t<\/div>\n\t\t\t\t<\/div>\n\t\t\t\t<div class=\"elementor-element elementor-element-ae04c06 elementor-position-inline-start elementor-view-default elementor-mobile-position-block-start elementor-widget elementor-widget-icon-box\" data-id=\"ae04c06\" data-element_type=\"widget\" data-e-type=\"widget\" data-widget_type=\"icon-box.default\">\n\t\t\t\t<div class=\"elementor-widget-container\">\n\t\t\t\t\t\t\t<div class=\"elementor-icon-box-wrapper\">\n\n\t\t\t\t\t\t<div class=\"elementor-icon-box-icon\">\n\t\t\t\t<a href=\"https:\/\/www.marrakechtaxi.com\/fr\/reserver-transferts-intervilles-marrakech\/\" class=\"elementor-icon\" tabindex=\"-1\" aria-label=\"R\u00e9servez votre transfert maintenant\">\n\t\t\t\t<i aria-hidden=\"true\" class=\"iconbook icon-bookbooking-confirmed-icon\"><\/i>\t\t\t\t<\/a>\n\t\t\t<\/div>\n\t\t\t\n\t\t\t\t\t\t<div class=\"elementor-icon-box-content\">\n\n\t\t\t\t\t\t\t\t\t<h3 class=\"elementor-icon-box-title\">\n\t\t\t\t\t\t<a href=\"https:\/\/www.marrakechtaxi.com\/fr\/reserver-transferts-intervilles-marrakech\/\" >\n\t\t\t\t\t\t\tR\u00e9servez votre transfert maintenant\t\t\t\t\t\t<\/a>\n\t\t\t\t\t<\/h3>\n\t\t\t\t\n\t\t\t\t\n\t\t\t<\/div>\n\t\t\t\n\t\t<\/div>\n\t\t\t\t\t\t<\/div>\n\t\t\t\t<\/div>\n\t\t\t\t<div class=\"elementor-element elementor-element-5370333 elementor-widget elementor-widget-heading\" data-id=\"5370333\" data-element_type=\"widget\" data-e-type=\"widget\" data-widget_type=\"heading.default\">\n\t\t\t\t<div class=\"elementor-widget-container\">\n\t\t\t\t\t<h2 class=\"elementor-heading-title elementor-size-default\">Sugg\u00e9r\u00e9 pour<\/h2>\t\t\t\t<\/div>\n\t\t\t\t<\/div>\n\t\t\t\t<div class=\"elementor-element elementor-element-f1376c1 elementor-widget elementor-widget-text-editor\" data-id=\"f1376c1\" data-element_type=\"widget\" data-e-type=\"widget\" data-widget_type=\"text-editor.default\">\n\t\t\t\t<div class=\"elementor-widget-container\">\n\t\t\t\t\t\t\t\t\t<p>\ud83d\udc54 Voyageurs d&rsquo;affaires et personnel d&rsquo;ambassade<\/p><p>\ud83e\uddf3 Touristes arrivant \u00e0 Rabat en train ou en avion<\/p><p>\ud83d\udeec Transferts a\u00e9roport de Rabat-Sal\u00e9 \u00e0 Marrakech<\/p><p>\ud83e\udded Itin\u00e9raires de voyage personnalis\u00e9s au Maroc<\/p>\t\t\t\t\t\t\t\t<\/div>\n\t\t\t\t<\/div>\n\t\t\t\t<\/div>\n\t\t<div class=\"elementor-element elementor-element-b8377e0 e-con-full sticky-parent elementor-hidden-mobile e-flex e-con e-child\" data-id=\"b8377e0\" data-element_type=\"container\" data-e-type=\"container\">\n\t\t<div class=\"elementor-element elementor-element-0275b40 e-con-full sticky-column e-flex e-con e-child\" data-id=\"0275b40\" data-element_type=\"container\" data-e-type=\"container\">\n\t\t\t\t<div class=\"elementor-element elementor-element-47192ff elementor-position-inline-start elementor-view-default elementor-mobile-position-block-start elementor-widget elementor-widget-icon-box\" data-id=\"47192ff\" data-element_type=\"widget\" data-e-type=\"widget\" data-widget_type=\"icon-box.default\">\n\t\t\t\t<div class=\"elementor-widget-container\">\n\t\t\t\t\t\t\t<div class=\"elementor-icon-box-wrapper\">\n\n\t\t\t\t\t\t<div class=\"elementor-icon-box-icon\">\n\t\t\t\t<span  class=\"elementor-icon\">\n\t\t\t\t<i aria-hidden=\"true\" class=\"iconbook icon-bookLow-Price-Guarantee\"><\/i>\t\t\t\t<\/span>\n\t\t\t<\/div>\n\t\t\t\n\t\t\t\t\t\t<div class=\"elementor-icon-box-content\">\n\n\t\t\t\t\t\t\t\t\t<h3 class=\"elementor-icon-box-title\">\n\t\t\t\t\t\t<span  >\n\t\t\t\t\t\t\tGarantie du prix le plus bas\t\t\t\t\t\t<\/span>\n\t\t\t\t\t<\/h3>\n\t\t\t\t\n\t\t\t\t\t\t\t\t\t<p class=\"elementor-icon-box-description\">\n\t\t\t\t\t\t\n\t\t\t\t\t<\/p>\n\t\t\t\t\n\t\t\t<\/div>\n\t\t\t\n\t\t<\/div>\n\t\t\t\t\t\t<\/div>\n\t\t\t\t<\/div>\n\t\t\t\t<div class=\"elementor-element elementor-element-fa87e37 elementor-position-inline-start elementor-view-default elementor-mobile-position-block-start elementor-widget elementor-widget-icon-box\" data-id=\"fa87e37\" data-element_type=\"widget\" data-e-type=\"widget\" data-widget_type=\"icon-box.default\">\n\t\t\t\t<div class=\"elementor-widget-container\">\n\t\t\t\t\t\t\t<div class=\"elementor-icon-box-wrapper\">\n\n\t\t\t\t\t\t<div class=\"elementor-icon-box-icon\">\n\t\t\t\t<span  class=\"elementor-icon\">\n\t\t\t\t<i aria-hidden=\"true\" class=\"iconbook icon-bookfees-paid-icon\"><\/i>\t\t\t\t<\/span>\n\t\t\t<\/div>\n\t\t\t\n\t\t\t\t\t\t<div class=\"elementor-icon-box-content\">\n\n\t\t\t\t\t\t\t\t\t<h3 class=\"elementor-icon-box-title\">\n\t\t\t\t\t\t<span  >\n\t\t\t\t\t\t\tPas de frais cach\u00e9s\t\t\t\t\t\t<\/span>\n\t\t\t\t\t<\/h3>\n\t\t\t\t\n\t\t\t\t\t\t\t\t\t<p class=\"elementor-icon-box-description\">\n\t\t\t\t\t\t\n\t\t\t\t\t<\/p>\n\t\t\t\t\n\t\t\t<\/div>\n\t\t\t\n\t\t<\/div>\n\t\t\t\t\t\t<\/div>\n\t\t\t\t<\/div>\n\t\t\t\t<div class=\"elementor-element elementor-element-5fa691c elementor-position-inline-start elementor-view-default elementor-mobile-position-block-start elementor-widget elementor-widget-icon-box\" data-id=\"5fa691c\" data-element_type=\"widget\" data-e-type=\"widget\" data-widget_type=\"icon-box.default\">\n\t\t\t\t<div class=\"elementor-widget-container\">\n\t\t\t\t\t\t\t<div class=\"elementor-icon-box-wrapper\">\n\n\t\t\t\t\t\t<div class=\"elementor-icon-box-icon\">\n\t\t\t\t<span  class=\"elementor-icon\">\n\t\t\t\t<i aria-hidden=\"true\" class=\"iconbook icon-bookFree-cancellation\"><\/i>\t\t\t\t<\/span>\n\t\t\t<\/div>\n\t\t\t\n\t\t\t\t\t\t<div class=\"elementor-icon-box-content\">\n\n\t\t\t\t\t\t\t\t\t<h3 class=\"elementor-icon-box-title\">\n\t\t\t\t\t\t<span  >\n\t\t\t\t\t\t\tAnnulation gratuite\t\t\t\t\t\t<\/span>\n\t\t\t\t\t<\/h3>\n\t\t\t\t\n\t\t\t\t\t\t\t\t\t<p class=\"elementor-icon-box-description\">\n\t\t\t\t\t\t\nAnnulez jusqu'\u00e0 24h \u00e0 l'avance\t\t\t\t\t<\/p>\n\t\t\t\t\n\t\t\t<\/div>\n\t\t\t\n\t\t<\/div>\n\t\t\t\t\t\t<\/div>\n\t\t\t\t<\/div>\n\t\t\t\t<div class=\"elementor-element elementor-element-f39f24a elementor-position-inline-start elementor-view-default elementor-mobile-position-block-start elementor-widget elementor-widget-icon-box\" data-id=\"f39f24a\" data-element_type=\"widget\" data-e-type=\"widget\" data-widget_type=\"icon-box.default\">\n\t\t\t\t<div class=\"elementor-widget-container\">\n\t\t\t\t\t\t\t<div class=\"elementor-icon-box-wrapper\">\n\n\t\t\t\t\t\t<div class=\"elementor-icon-box-icon\">\n\t\t\t\t<span  class=\"elementor-icon\">\n\t\t\t\t<i aria-hidden=\"true\" class=\"iconbook icon-bookbooking-confirmed-icon\"><\/i>\t\t\t\t<\/span>\n\t\t\t<\/div>\n\t\t\t\n\t\t\t\t\t\t<div class=\"elementor-icon-box-content\">\n\n\t\t\t\t\t\t\t\t\t<h3 class=\"elementor-icon-box-title\">\n\t\t\t\t\t\t<span  >\n\t\t\t\t\t\t\tConfirmation rapide de r\u00e9servation\t\t\t\t\t\t<\/span>\n\t\t\t\t\t<\/h3>\n\t\t\t\t\n\t\t\t\t\t\t\t\t\t<p class=\"elementor-icon-box-description\">\n\t\t\t\t\t\t\n\t\t\t\t\t<\/p>\n\t\t\t\t\n\t\t\t<\/div>\n\t\t\t\n\t\t<\/div>\n\t\t\t\t\t\t<\/div>\n\t\t\t\t<\/div>\n\t\t\t\t<div class=\"elementor-element elementor-element-f18252b elementor-position-inline-start elementor-view-default elementor-mobile-position-block-start elementor-widget elementor-widget-icon-box\" data-id=\"f18252b\" data-element_type=\"widget\" data-e-type=\"widget\" data-widget_type=\"icon-box.default\">\n\t\t\t\t<div class=\"elementor-widget-container\">\n\t\t\t\t\t\t\t<div class=\"elementor-icon-box-wrapper\">\n\n\t\t\t\t\t\t<div class=\"elementor-icon-box-icon\">\n\t\t\t\t<span  class=\"elementor-icon\">\n\t\t\t\t<i aria-hidden=\"true\" class=\"iconbook icon-bookReserve-now-pay-later\"><\/i>\t\t\t\t<\/span>\n\t\t\t<\/div>\n\t\t\t\n\t\t\t\t\t\t<div class=\"elementor-icon-box-content\">\n\n\t\t\t\t\t\t\t\t\t<h3 class=\"elementor-icon-box-title\">\n\t\t\t\t\t\t<span  >\n\t\t\t\t\t\t\tR\u00e9servez maintenant et payez plus tard\t\t\t\t\t\t<\/span>\n\t\t\t\t\t<\/h3>\n\t\t\t\t\n\t\t\t\t\t\t\t\t\t<p class=\"elementor-icon-box-description\">\n\t\t\t\t\t\t\n\t\t\t\t\t<\/p>\n\t\t\t\t\n\t\t\t<\/div>\n\t\t\t\n\t\t<\/div>\n\t\t\t\t\t\t<\/div>\n\t\t\t\t<\/div>\n\t\t\t\t<div class=\"elementor-element elementor-element-9028812 elementor-position-inline-start elementor-view-default elementor-mobile-position-block-start elementor-widget elementor-widget-icon-box\" data-id=\"9028812\" data-element_type=\"widget\" data-e-type=\"widget\" data-widget_type=\"icon-box.default\">\n\t\t\t\t<div class=\"elementor-widget-container\">\n\t\t\t\t\t\t\t<div class=\"elementor-icon-box-wrapper\">\n\n\t\t\t\t\t\t<div class=\"elementor-icon-box-icon\">\n\t\t\t\t<span  class=\"elementor-icon\">\n\t\t\t\t<i aria-hidden=\"true\" class=\"iconbook icon-bookquery-icon\"><\/i>\t\t\t\t<\/span>\n\t\t\t<\/div>\n\t\t\t\n\t\t\t\t\t\t<div class=\"elementor-icon-box-content\">\n\n\t\t\t\t\t\t\t\t\t<h3 class=\"elementor-icon-box-title\">\n\t\t\t\t\t\t<span  >\n\t\t\t\t\t\t\tSupport client 24h\/24 et 7j\/7\t\t\t\t\t\t<\/span>\n\t\t\t\t\t<\/h3>\n\t\t\t\t\n\t\t\t\t\t\t\t\t\t<p class=\"elementor-icon-box-description\">\n\t\t\t\t\t\t\n\t\t\t\t\t<\/p>\n\t\t\t\t\n\t\t\t<\/div>\n\t\t\t\n\t\t<\/div>\n\t\t\t\t\t\t<\/div>\n\t\t\t\t<\/div>\n\t\t\t\t<div class=\"elementor-element elementor-element-f157af2 elementor-align-justify elementor-widget elementor-widget-button\" data-id=\"f157af2\" data-element_type=\"widget\" data-e-type=\"widget\" data-widget_type=\"button.default\">\n\t\t\t\t<div class=\"elementor-widget-container\">\n\t\t\t\t\t\t\t\t\t<div class=\"elementor-button-wrapper\">\n\t\t\t\t\t<a class=\"elementor-button elementor-button-link elementor-size-sm\" href=\"https:\/\/www.marrakechtaxi.com\/fr\/reserver-transferts-intervilles-marrakech\/\">\n\t\t\t\t\t\t<span class=\"elementor-button-content-wrapper\">\n\t\t\t\t\t\t\t\t\t<span class=\"elementor-button-text\">R\u00e9servez votre taxi maintenant !<\/span>\n\t\t\t\t\t<\/span>\n\t\t\t\t\t<\/a>\n\t\t\t\t<\/div>\n\t\t\t\t\t\t\t\t<\/div>\n\t\t\t\t<\/div>\n\t\t\t\t<\/div>\n\t\t\t\t<\/div>\n\t\t\t\t\t<\/div>\n\t\t\t\t<\/div>\n\t\t<div class=\"elementor-element elementor-element-a3a5e87 e-flex e-con-boxed e-con e-parent\" data-id=\"a3a5e87\" data-element_type=\"container\" data-e-type=\"container\">\n\t\t\t\t\t<div class=\"e-con-inner\">\n\t\t\t\t<div class=\"elementor-element elementor-element-12680ec elementor-widget elementor-widget-heading\" data-id=\"12680ec\" data-element_type=\"widget\" data-e-type=\"widget\" data-widget_type=\"heading.default\">\n\t\t\t\t<div class=\"elementor-widget-container\">\n\t\t\t\t\t<h2 class=\"elementor-heading-title elementor-size-default\">Foire aux questions (FAQ)<\/h2>\t\t\t\t<\/div>\n\t\t\t\t<\/div>\n\t\t\t\t<div class=\"elementor-element elementor-element-93261c4 elementor-widget elementor-widget-n-accordion\" data-id=\"93261c4\" data-element_type=\"widget\" data-e-type=\"widget\" data-settings=\"{&quot;default_state&quot;:&quot;expanded&quot;,&quot;max_items_expended&quot;:&quot;one&quot;,&quot;n_accordion_animation_duration&quot;:{&quot;unit&quot;:&quot;ms&quot;,&quot;size&quot;:400,&quot;sizes&quot;:[]}}\" data-widget_type=\"nested-accordion.default\">\n\t\t\t\t<div class=\"elementor-widget-container\">\n\t\t\t\t\t\t\t<div class=\"e-n-accordion\" aria-label=\"Accordion. Open links with Enter or Space, close with Escape, and navigate with Arrow Keys\">\n\t\t\t\t\t\t<details id=\"e-n-accordion-item-1540\" class=\"e-n-accordion-item\" open>\n\t\t\t\t<summary class=\"e-n-accordion-item-title\" data-accordion-index=\"1\" tabindex=\"0\" aria-expanded=\"true\" aria-controls=\"e-n-accordion-item-1540\" >\n\t\t\t\t\t<span class='e-n-accordion-item-title-header'><div class=\"e-n-accordion-item-title-text\"> Combien co\u00fbte un taxi de Rabat \u00e0 Marrakech ? <\/div><\/span>\n\t\t\t\t\t\t\t<span class='e-n-accordion-item-title-icon'>\n\t\t\t<span class='e-opened' ><svg aria-hidden=\"true\" class=\"e-font-icon-svg e-fas-minus\" viewBox=\"0 0 448 512\" xmlns=\"http:\/\/www.w3.org\/2000\/svg\"><path d=\"M416 208H32c-17.67 0-32 14.33-32 32v32c0 17.67 14.33 32 32 32h384c17.67 0 32-14.33 32-32v-32c0-17.67-14.33-32-32-32z\"><\/path><\/svg><\/span>\n\t\t\t<span class='e-closed'><svg aria-hidden=\"true\" class=\"e-font-icon-svg e-fas-plus\" viewBox=\"0 0 448 512\" xmlns=\"http:\/\/www.w3.org\/2000\/svg\"><path d=\"M416 208H272V64c0-17.67-14.33-32-32-32h-32c-17.67 0-32 14.33-32 32v144H32c-17.67 0-32 14.33-32 32v32c0 17.67 14.33 32 32 32h144v144c0 17.67 14.33 32 32 32h32c17.67 0 32-14.33 32-32V304h144c17.67 0 32-14.33 32-32v-32c0-17.67-14.33-32-32-32z\"><\/path><\/svg><\/span>\n\t\t<\/span>\n\n\t\t\t\t\t\t<\/summary>\n\t\t\t\t<div role=\"region\" aria-labelledby=\"e-n-accordion-item-1540\" class=\"elementor-element elementor-element-a42e984 e-con-full e-flex e-con e-child\" data-id=\"a42e984\" data-element_type=\"container\" data-e-type=\"container\">\n\t\t<div role=\"region\" aria-labelledby=\"e-n-accordion-item-1540\" class=\"elementor-element elementor-element-04abcc6 e-flex e-con-boxed e-con e-child\" data-id=\"04abcc6\" data-element_type=\"container\" data-e-type=\"container\">\n\t\t\t\t\t<div class=\"e-con-inner\">\n\t\t\t\t<div class=\"elementor-element elementor-element-54313fe elementor-widget elementor-widget-text-editor\" data-id=\"54313fe\" data-element_type=\"widget\" data-e-type=\"widget\" data-widget_type=\"text-editor.default\">\n\t\t\t\t<div class=\"elementor-widget-container\">\n\t\t\t\t\t\t\t\t\t<p>Nos tarifs commencent \u00e0 199 EUR \/ 2000 MAD (tarif fixe, par v\u00e9hicule) pour un transfert en taxi priv\u00e9, selon le type de v\u00e9hicule et la taille du groupe.<\/p>\t\t\t\t\t\t\t\t<\/div>\n\t\t\t\t<\/div>\n\t\t\t\t\t<\/div>\n\t\t\t\t<\/div>\n\t\t\t\t<\/div>\n\t\t\t\t\t<\/details>\n\t\t\t\t\t\t<details id=\"e-n-accordion-item-1541\" class=\"e-n-accordion-item\" >\n\t\t\t\t<summary class=\"e-n-accordion-item-title\" data-accordion-index=\"2\" tabindex=\"-1\" aria-expanded=\"false\" aria-controls=\"e-n-accordion-item-1541\" >\n\t\t\t\t\t<span class='e-n-accordion-item-title-header'><div class=\"e-n-accordion-item-title-text\"> Les prix sont-ils fixes ou par personne ? <\/div><\/span>\n\t\t\t\t\t\t\t<span class='e-n-accordion-item-title-icon'>\n\t\t\t<span class='e-opened' ><svg aria-hidden=\"true\" class=\"e-font-icon-svg e-fas-minus\" viewBox=\"0 0 448 512\" xmlns=\"http:\/\/www.w3.org\/2000\/svg\"><path d=\"M416 208H32c-17.67 0-32 14.33-32 32v32c0 17.67 14.33 32 32 32h384c17.67 0 32-14.33 32-32v-32c0-17.67-14.33-32-32-32z\"><\/path><\/svg><\/span>\n\t\t\t<span class='e-closed'><svg aria-hidden=\"true\" class=\"e-font-icon-svg e-fas-plus\" viewBox=\"0 0 448 512\" xmlns=\"http:\/\/www.w3.org\/2000\/svg\"><path d=\"M416 208H272V64c0-17.67-14.33-32-32-32h-32c-17.67 0-32 14.33-32 32v144H32c-17.67 0-32 14.33-32 32v32c0 17.67 14.33 32 32 32h144v144c0 17.67 14.33 32 32 32h32c17.67 0 32-14.33 32-32V304h144c17.67 0 32-14.33 32-32v-32c0-17.67-14.33-32-32-32z\"><\/path><\/svg><\/span>\n\t\t<\/span>\n\n\t\t\t\t\t\t<\/summary>\n\t\t\t\t<div role=\"region\" aria-labelledby=\"e-n-accordion-item-1541\" class=\"elementor-element elementor-element-adeca1f e-con-full e-flex e-con e-child\" data-id=\"adeca1f\" data-element_type=\"container\" data-e-type=\"container\">\n\t\t<div role=\"region\" aria-labelledby=\"e-n-accordion-item-1541\" class=\"elementor-element elementor-element-995e42c e-flex e-con-boxed e-con e-child\" data-id=\"995e42c\" data-element_type=\"container\" data-e-type=\"container\">\n\t\t\t\t\t<div class=\"e-con-inner\">\n\t\t\t\t<div class=\"elementor-element elementor-element-3f073a1 elementor-widget elementor-widget-text-editor\" data-id=\"3f073a1\" data-element_type=\"widget\" data-e-type=\"widget\" data-widget_type=\"text-editor.default\">\n\t\t\t\t<div class=\"elementor-widget-container\">\n\t\t\t\t\t\t\t\t\t<p>Tous les prix sont par v\u00e9hicule, y compris jusqu&rsquo;\u00e0 la capacit\u00e9 maximale de passagers.<\/p>\t\t\t\t\t\t\t\t<\/div>\n\t\t\t\t<\/div>\n\t\t\t\t\t<\/div>\n\t\t\t\t<\/div>\n\t\t\t\t<\/div>\n\t\t\t\t\t<\/details>\n\t\t\t\t\t\t<details id=\"e-n-accordion-item-1542\" class=\"e-n-accordion-item\" >\n\t\t\t\t<summary class=\"e-n-accordion-item-title\" data-accordion-index=\"3\" tabindex=\"-1\" aria-expanded=\"false\" aria-controls=\"e-n-accordion-item-1542\" >\n\t\t\t\t\t<span class='e-n-accordion-item-title-header'><div class=\"e-n-accordion-item-title-text\"> Proposez-vous \u00e9galement des transferts de Marrakech \u00e0 Rabat ? <\/div><\/span>\n\t\t\t\t\t\t\t<span class='e-n-accordion-item-title-icon'>\n\t\t\t<span class='e-opened' ><svg aria-hidden=\"true\" class=\"e-font-icon-svg e-fas-minus\" viewBox=\"0 0 448 512\" xmlns=\"http:\/\/www.w3.org\/2000\/svg\"><path d=\"M416 208H32c-17.67 0-32 14.33-32 32v32c0 17.67 14.33 32 32 32h384c17.67 0 32-14.33 32-32v-32c0-17.67-14.33-32-32-32z\"><\/path><\/svg><\/span>\n\t\t\t<span class='e-closed'><svg aria-hidden=\"true\" class=\"e-font-icon-svg e-fas-plus\" viewBox=\"0 0 448 512\" xmlns=\"http:\/\/www.w3.org\/2000\/svg\"><path d=\"M416 208H272V64c0-17.67-14.33-32-32-32h-32c-17.67 0-32 14.33-32 32v144H32c-17.67 0-32 14.33-32 32v32c0 17.67 14.33 32 32 32h144v144c0 17.67 14.33 32 32 32h32c17.67 0 32-14.33 32-32V304h144c17.67 0 32-14.33 32-32v-32c0-17.67-14.33-32-32-32z\"><\/path><\/svg><\/span>\n\t\t<\/span>\n\n\t\t\t\t\t\t<\/summary>\n\t\t\t\t<div role=\"region\" aria-labelledby=\"e-n-accordion-item-1542\" class=\"elementor-element elementor-element-f8fcd2b e-con-full e-flex e-con e-child\" data-id=\"f8fcd2b\" data-element_type=\"container\" data-e-type=\"container\">\n\t\t<div role=\"region\" aria-labelledby=\"e-n-accordion-item-1542\" class=\"elementor-element elementor-element-6e70f15 e-flex e-con-boxed e-con e-child\" data-id=\"6e70f15\" data-element_type=\"container\" data-e-type=\"container\">\n\t\t\t\t\t<div class=\"e-con-inner\">\n\t\t\t\t<div class=\"elementor-element elementor-element-1db4591 elementor-widget elementor-widget-text-editor\" data-id=\"1db4591\" data-element_type=\"widget\" data-e-type=\"widget\" data-widget_type=\"text-editor.default\">\n\t\t\t\t<div class=\"elementor-widget-container\">\n\t\t\t\t\t\t\t\t\t<p>Oui, nous proposons des services dans les deux sens &#8211; de Rabat \u00e0 Marrakech et de Marrakech \u00e0 Rabat &#8211; pour votre confort.<\/p>\t\t\t\t\t\t\t\t<\/div>\n\t\t\t\t<\/div>\n\t\t\t\t\t<\/div>\n\t\t\t\t<\/div>\n\t\t\t\t<\/div>\n\t\t\t\t\t<\/details>\n\t\t\t\t\t\t<details id=\"e-n-accordion-item-1543\" class=\"e-n-accordion-item\" >\n\t\t\t\t<summary class=\"e-n-accordion-item-title\" data-accordion-index=\"4\" tabindex=\"-1\" aria-expanded=\"false\" aria-controls=\"e-n-accordion-item-1543\" >\n\t\t\t\t\t<span class='e-n-accordion-item-title-header'><div class=\"e-n-accordion-item-title-text\"> Puis-je r\u00e9server depuis le quartier des ambassades de Rabat ? <\/div><\/span>\n\t\t\t\t\t\t\t<span class='e-n-accordion-item-title-icon'>\n\t\t\t<span class='e-opened' ><svg aria-hidden=\"true\" class=\"e-font-icon-svg e-fas-minus\" viewBox=\"0 0 448 512\" xmlns=\"http:\/\/www.w3.org\/2000\/svg\"><path d=\"M416 208H32c-17.67 0-32 14.33-32 32v32c0 17.67 14.33 32 32 32h384c17.67 0 32-14.33 32-32v-32c0-17.67-14.33-32-32-32z\"><\/path><\/svg><\/span>\n\t\t\t<span class='e-closed'><svg aria-hidden=\"true\" class=\"e-font-icon-svg e-fas-plus\" viewBox=\"0 0 448 512\" xmlns=\"http:\/\/www.w3.org\/2000\/svg\"><path d=\"M416 208H272V64c0-17.67-14.33-32-32-32h-32c-17.67 0-32 14.33-32 32v144H32c-17.67 0-32 14.33-32 32v32c0 17.67 14.33 32 32 32h144v144c0 17.67 14.33 32 32 32h32c17.67 0 32-14.33 32-32V304h144c17.67 0 32-14.33 32-32v-32c0-17.67-14.33-32-32-32z\"><\/path><\/svg><\/span>\n\t\t<\/span>\n\n\t\t\t\t\t\t<\/summary>\n\t\t\t\t<div role=\"region\" aria-labelledby=\"e-n-accordion-item-1543\" class=\"elementor-element elementor-element-f54cb90 e-con-full e-flex e-con e-child\" data-id=\"f54cb90\" data-element_type=\"container\" data-e-type=\"container\">\n\t\t<div role=\"region\" aria-labelledby=\"e-n-accordion-item-1543\" class=\"elementor-element elementor-element-9e580ce e-flex e-con-boxed e-con e-child\" data-id=\"9e580ce\" data-element_type=\"container\" data-e-type=\"container\">\n\t\t\t\t\t<div class=\"e-con-inner\">\n\t\t\t\t<div class=\"elementor-element elementor-element-3ede22a elementor-widget elementor-widget-text-editor\" data-id=\"3ede22a\" data-element_type=\"widget\" data-e-type=\"widget\" data-widget_type=\"text-editor.default\">\n\t\t\t\t<div class=\"elementor-widget-container\">\n\t\t\t\t\t\t\t\t\t<p>Oui, nous proposons des transferts depuis les ambassades, les h\u00f4tels et les domiciles priv\u00e9s.<\/p>\t\t\t\t\t\t\t\t<\/div>\n\t\t\t\t<\/div>\n\t\t\t\t\t<\/div>\n\t\t\t\t<\/div>\n\t\t\t\t<\/div>\n\t\t\t\t\t<\/details>\n\t\t\t\t\t\t<details id=\"e-n-accordion-item-1544\" class=\"e-n-accordion-item\" >\n\t\t\t\t<summary class=\"e-n-accordion-item-title\" data-accordion-index=\"5\" tabindex=\"-1\" aria-expanded=\"false\" aria-controls=\"e-n-accordion-item-1544\" >\n\t\t\t\t\t<span class='e-n-accordion-item-title-header'><div class=\"e-n-accordion-item-title-text\"> Proposez-vous des d\u00e9poses \u00e0 l'a\u00e9roport de Marrakech ? <\/div><\/span>\n\t\t\t\t\t\t\t<span class='e-n-accordion-item-title-icon'>\n\t\t\t<span class='e-opened' ><svg aria-hidden=\"true\" class=\"e-font-icon-svg e-fas-minus\" viewBox=\"0 0 448 512\" xmlns=\"http:\/\/www.w3.org\/2000\/svg\"><path d=\"M416 208H32c-17.67 0-32 14.33-32 32v32c0 17.67 14.33 32 32 32h384c17.67 0 32-14.33 32-32v-32c0-17.67-14.33-32-32-32z\"><\/path><\/svg><\/span>\n\t\t\t<span class='e-closed'><svg aria-hidden=\"true\" class=\"e-font-icon-svg e-fas-plus\" viewBox=\"0 0 448 512\" xmlns=\"http:\/\/www.w3.org\/2000\/svg\"><path d=\"M416 208H272V64c0-17.67-14.33-32-32-32h-32c-17.67 0-32 14.33-32 32v144H32c-17.67 0-32 14.33-32 32v32c0 17.67 14.33 32 32 32h144v144c0 17.67 14.33 32 32 32h32c17.67 0 32-14.33 32-32V304h144c17.67 0 32-14.33 32-32v-32c0-17.67-14.33-32-32-32z\"><\/path><\/svg><\/span>\n\t\t<\/span>\n\n\t\t\t\t\t\t<\/summary>\n\t\t\t\t<div role=\"region\" aria-labelledby=\"e-n-accordion-item-1544\" class=\"elementor-element elementor-element-ec1b429 e-con-full e-flex e-con e-child\" data-id=\"ec1b429\" data-element_type=\"container\" data-e-type=\"container\">\n\t\t<div role=\"region\" aria-labelledby=\"e-n-accordion-item-1544\" class=\"elementor-element elementor-element-11d1658 e-flex e-con-boxed e-con e-child\" data-id=\"11d1658\" data-element_type=\"container\" data-e-type=\"container\">\n\t\t\t\t\t<div class=\"e-con-inner\">\n\t\t\t\t<div class=\"elementor-element elementor-element-acfc9aa elementor-widget elementor-widget-text-editor\" data-id=\"acfc9aa\" data-element_type=\"widget\" data-e-type=\"widget\" data-widget_type=\"text-editor.default\">\n\t\t\t\t<div class=\"elementor-widget-container\">\n\t\t\t\t\t\t\t\t\t<p>Oui, nous couvrons toutes les zones de la ville, y compris l\u2019a\u00e9roport de Menara.<\/p>\t\t\t\t\t\t\t\t<\/div>\n\t\t\t\t<\/div>\n\t\t\t\t\t<\/div>\n\t\t\t\t<\/div>\n\t\t\t\t<\/div>\n\t\t\t\t\t<\/details>\n\t\t\t\t\t\t<details id=\"e-n-accordion-item-1545\" class=\"e-n-accordion-item\" >\n\t\t\t\t<summary class=\"e-n-accordion-item-title\" data-accordion-index=\"6\" tabindex=\"-1\" aria-expanded=\"false\" aria-controls=\"e-n-accordion-item-1545\" >\n\t\t\t\t\t<span class='e-n-accordion-item-title-header'><div class=\"e-n-accordion-item-title-text\"> Proposez-vous des taxis partag\u00e9s ou uniquement des transferts priv\u00e9s ? <\/div><\/span>\n\t\t\t\t\t\t\t<span class='e-n-accordion-item-title-icon'>\n\t\t\t<span class='e-opened' ><svg aria-hidden=\"true\" class=\"e-font-icon-svg e-fas-minus\" viewBox=\"0 0 448 512\" xmlns=\"http:\/\/www.w3.org\/2000\/svg\"><path d=\"M416 208H32c-17.67 0-32 14.33-32 32v32c0 17.67 14.33 32 32 32h384c17.67 0 32-14.33 32-32v-32c0-17.67-14.33-32-32-32z\"><\/path><\/svg><\/span>\n\t\t\t<span class='e-closed'><svg aria-hidden=\"true\" class=\"e-font-icon-svg e-fas-plus\" viewBox=\"0 0 448 512\" xmlns=\"http:\/\/www.w3.org\/2000\/svg\"><path d=\"M416 208H272V64c0-17.67-14.33-32-32-32h-32c-17.67 0-32 14.33-32 32v144H32c-17.67 0-32 14.33-32 32v32c0 17.67 14.33 32 32 32h144v144c0 17.67 14.33 32 32 32h32c17.67 0 32-14.33 32-32V304h144c17.67 0 32-14.33 32-32v-32c0-17.67-14.33-32-32-32z\"><\/path><\/svg><\/span>\n\t\t<\/span>\n\n\t\t\t\t\t\t<\/summary>\n\t\t\t\t<div role=\"region\" aria-labelledby=\"e-n-accordion-item-1545\" class=\"elementor-element elementor-element-3619bb1 e-con-full e-flex e-con e-child\" data-id=\"3619bb1\" data-element_type=\"container\" data-e-type=\"container\">\n\t\t<div role=\"region\" aria-labelledby=\"e-n-accordion-item-1545\" class=\"elementor-element elementor-element-c15cb0b e-flex e-con-boxed e-con e-child\" data-id=\"c15cb0b\" data-element_type=\"container\" data-e-type=\"container\">\n\t\t\t\t\t<div class=\"e-con-inner\">\n\t\t\t\t<div class=\"elementor-element elementor-element-e29d6c2 elementor-widget elementor-widget-text-editor\" data-id=\"e29d6c2\" data-element_type=\"widget\" data-e-type=\"widget\" data-widget_type=\"text-editor.default\">\n\t\t\t\t<div class=\"elementor-widget-container\">\n\t\t\t\t\t\t\t\t\tNous sommes sp\u00e9cialis\u00e9s dans les transferts priv\u00e9s, garantissant une exp\u00e9rience confortable et exclusive \u00e0 nos clients.\t\t\t\t\t\t\t\t<\/div>\n\t\t\t\t<\/div>\n\t\t\t\t\t<\/div>\n\t\t\t\t<\/div>\n\t\t\t\t<\/div>\n\t\t\t\t\t<\/details>\n\t\t\t\t\t<\/div>\n\t\t\t\t\t<script type=\"application\/ld+json\">{\"@context\":\"https:\\\/\\\/schema.org\",\"@type\":\"FAQPage\",\"mainEntity\":[{\"@type\":\"Question\",\"name\":\"Combien co\\u00fbte un taxi de Rabat \\u00e0 Marrakech ?\",\"acceptedAnswer\":{\"@type\":\"Answer\",\"text\":\"Nos tarifs commencent \\u00e0 199 EUR \\\/ 2000 MAD (tarif fixe, par v\\u00e9hicule) pour un transfert en taxi priv\\u00e9, selon le type de v\\u00e9hicule et la taille du groupe.\"}},{\"@type\":\"Question\",\"name\":\"Les prix sont-ils fixes ou par personne ?\",\"acceptedAnswer\":{\"@type\":\"Answer\",\"text\":\"Tous les prix sont par v\\u00e9hicule, y compris jusqu&rsquo;\\u00e0 la capacit\\u00e9 maximale de passagers.\"}},{\"@type\":\"Question\",\"name\":\"Proposez-vous \\u00e9galement des transferts de Marrakech \\u00e0 Rabat ?\",\"acceptedAnswer\":{\"@type\":\"Answer\",\"text\":\"Oui, nous proposons des services dans les deux sens &#8211; de Rabat \\u00e0 Marrakech et de Marrakech \\u00e0 Rabat &#8211; pour votre confort.\"}},{\"@type\":\"Question\",\"name\":\"Puis-je r\\u00e9server depuis le quartier des ambassades de Rabat ?\",\"acceptedAnswer\":{\"@type\":\"Answer\",\"text\":\"Oui, nous proposons des transferts depuis les ambassades, les h\\u00f4tels et les domiciles priv\\u00e9s.\"}},{\"@type\":\"Question\",\"name\":\"Proposez-vous des d\\u00e9poses \\u00e0 l'a\\u00e9roport de Marrakech ?\",\"acceptedAnswer\":{\"@type\":\"Answer\",\"text\":\"Oui, nous couvrons toutes les zones de la ville, y compris l\\u2019a\\u00e9roport de Menara.\"}},{\"@type\":\"Question\",\"name\":\"Proposez-vous des taxis partag\\u00e9s ou uniquement des transferts priv\\u00e9s ?\",\"acceptedAnswer\":{\"@type\":\"Answer\",\"text\":\"Nous sommes sp\\u00e9cialis\\u00e9s dans les transferts priv\\u00e9s, garantissant une exp\\u00e9rience confortable et exclusive \\u00e0 nos clients.\"}}]}<\/script>\n\t\t\t\t\t\t\t<\/div>\n\t\t\t\t<\/div>\n\t\t\t\t\t<\/div>\n\t\t\t\t<\/div>\n\t\t<div class=\"elementor-element elementor-element-359b619 e-flex e-con-boxed e-con e-parent\" data-id=\"359b619\" data-element_type=\"container\" data-e-type=\"container\">\n\t\t\t\t\t<div class=\"e-con-inner\">\n\t\t\t\t<div class=\"elementor-element elementor-element-3072739 elementor-align-justify elementor-hidden-desktop elementor-hidden-tablet elementor-widget elementor-widget-button\" data-id=\"3072739\" data-element_type=\"widget\" data-e-type=\"widget\" data-settings=\"{&quot;sticky&quot;:&quot;bottom&quot;,&quot;sticky_offset_mobile&quot;:10,&quot;sticky_effects_offset_mobile&quot;:0,&quot;sticky_anchor_link_offset_mobile&quot;:0,&quot;sticky_on&quot;:[&quot;desktop&quot;,&quot;tablet&quot;,&quot;mobile&quot;],&quot;sticky_offset&quot;:0,&quot;sticky_effects_offset&quot;:0,&quot;sticky_anchor_link_offset&quot;:0}\" data-widget_type=\"button.default\">\n\t\t\t\t<div class=\"elementor-widget-container\">\n\t\t\t\t\t\t\t\t\t<div class=\"elementor-button-wrapper\">\n\t\t\t\t\t<a class=\"elementor-button elementor-button-link elementor-size-sm\" href=\"https:\/\/www.marrakechtaxi.com\/fr\/reserver-transferts-intervilles-marrakech\/\">\n\t\t\t\t\t\t<span class=\"elementor-button-content-wrapper\">\n\t\t\t\t\t\t\t\t\t<span class=\"elementor-button-text\">R\u00e9servez votre taxi maintenant !<\/span>\n\t\t\t\t\t<\/span>\n\t\t\t\t\t<\/a>\n\t\t\t\t<\/div>\n\t\t\t\t\t\t\t\t<\/div>\n\t\t\t\t<\/div>\n\t\t\t\t\t<\/div>\n\t\t\t\t<\/div>\n\t\t\t\t<\/div>\n\t\t","protected":false},"excerpt":{"rendered":"<p>Taxi priv\u00e9 de Rabat \u00e0 Marrakech \u2013 \u00c0 partir de 199 \u20ac Vous voyagez de Rabat \u00e0 Marrakech ? \u00c9vitez le stress des trains et des trajets partag\u00e9s gr\u00e2ce \u00e0 notre service de transfert en taxi priv\u00e9 porte-\u00e0-porte. Que vous vous rendiez \u00e0 une r\u00e9union d&rsquo;affaires, dans un riad de la m\u00e9dina ou \u00e0 l&rsquo;a\u00e9roport [&hellip;]<\/p>\n","protected":false},"author":1,"featured_media":0,"parent":0,"menu_order":0,"comment_status":"closed","ping_status":"closed","template":"elementor_header_footer","meta":{"inline_featured_image":false,"_monsterinsights_skip_tracking":false,"_monsterinsights_sitenote_active":false,"_monsterinsights_sitenote_note":"","_monsterinsights_sitenote_category":0,"footnotes":""},"class_list":["post-27645","page","type-page","status-publish","hentry"],"_links":{"self":[{"href":"https:\/\/www.marrakechtaxi.com\/fr\/wp-json\/wp\/v2\/pages\/27645","targetHints":{"allow":["GET"]}}],"collection":[{"href":"https:\/\/www.marrakechtaxi.com\/fr\/wp-json\/wp\/v2\/pages"}],"about":[{"href":"https:\/\/www.marrakechtaxi.com\/fr\/wp-json\/wp\/v2\/types\/page"}],"author":[{"embeddable":true,"href":"https:\/\/www.marrakechtaxi.com\/fr\/wp-json\/wp\/v2\/users\/1"}],"replies":[{"embeddable":true,"href":"https:\/\/www.marrakechtaxi.com\/fr\/wp-json\/wp\/v2\/comments?post=27645"}],"version-history":[{"count":0,"href":"https:\/\/www.marrakechtaxi.com\/fr\/wp-json\/wp\/v2\/pages\/27645\/revisions"}],"wp:attachment":[{"href":"https:\/\/www.marrakechtaxi.com\/fr\/wp-json\/wp\/v2\/media?parent=27645"}],"curies":[{"name":"wp","href":"https:\/\/api.w.org\/{rel}","templated":true}]}}